{"id":2629,"date":"2021-04-26T12:23:03","date_gmt":"2021-04-26T10:23:03","guid":{"rendered":"https:\/\/www.apacfrance.com\/les-temoignages\/"},"modified":"2023-05-23T17:38:37","modified_gmt":"2023-05-23T15:38:37","slug":"testimonials","status":"publish","type":"page","link":"https:\/\/www.apacfrance.com\/en\/theapac\/testimonials\/","title":{"rendered":"Testimonials"},"content":{"rendered":"\t\t<div data-elementor-type=\"wp-page\" data-elementor-id=\"2629\" class=\"elementor elementor-2629 elementor-34\" data-elementor-post-type=\"page\">\n\t\t\t\t\t\t\t\t\t<section class=\"elementor-section elementor-top-section elementor-element elementor-element-9b01d88 elementor-section-content-bottom elementor-section-boxed elementor-section-height-default elementor-section-height-default\" data-id=\"9b01d88\" data-element_type=\"section\" data-settings=\"{&quot;background_background&quot;:&quot;classic&quot;}\">\n\t\t\t\t\t\t<div class=\"elementor-container elementor-column-gap-default\">\n\t\t\t\t\t<div class=\"elementor-column elementor-col-33 elementor-top-column elementor-element elementor-element-6edf4c3\" data-id=\"6edf4c3\" data-element_type=\"column\">\n\t\t\t<div class=\"elementor-widget-wrap\">\n\t\t\t\t\t\t\t\t\t<\/div>\n\t\t<\/div>\n\t\t\t\t<div class=\"elementor-column elementor-col-33 elementor-top-column elementor-element elementor-element-9a24bf4\" data-id=\"9a24bf4\" data-element_type=\"column\" data-settings=\"{&quot;background_background&quot;:&quot;classic&quot;}\">\n\t\t\t<div class=\"elementor-widget-wrap elementor-element-populated\">\n\t\t\t\t\t\t\t\t<div class=\"elementor-element elementor-element-1c93b82 elementor-widget elementor-widget-heading\" data-id=\"1c93b82\" data-element_type=\"widget\" data-widget_type=\"heading.default\">\n\t\t\t\t<div class=\"elementor-widget-container\">\n\t\t\t<div class=\"elementor-heading-title elementor-size-default\">Quality, expertise, listening skills: <br\/>\n find out what our members think!<\/div>\t\t<\/div>\n\t\t\t\t<\/div>\n\t\t\t\t\t<\/div>\n\t\t<\/div>\n\t\t\t\t<div class=\"elementor-column elementor-col-33 elementor-top-column elementor-element elementor-element-197646e elementor-hidden-phone\" data-id=\"197646e\" data-element_type=\"column\">\n\t\t\t<div class=\"elementor-widget-wrap\">\n\t\t\t\t\t\t\t\t\t<\/div>\n\t\t<\/div>\n\t\t\t\t\t\t\t<\/div>\n\t\t<\/section>\n\t\t\t\t<section class=\"elementor-section elementor-top-section elementor-element elementor-element-c00f282 elementor-section-boxed elementor-section-height-default elementor-section-height-default\" data-id=\"c00f282\" data-element_type=\"section\" data-settings=\"{&quot;background_background&quot;:&quot;classic&quot;}\">\n\t\t\t\t\t\t<div class=\"elementor-container elementor-column-gap-default\">\n\t\t\t\t\t<div class=\"elementor-column elementor-col-100 elementor-top-column elementor-element elementor-element-4492437\" data-id=\"4492437\" data-element_type=\"column\">\n\t\t\t<div class=\"elementor-widget-wrap elementor-element-populated\">\n\t\t\t\t\t\t\t\t<div class=\"elementor-element elementor-element-59a6d03 elementor-widget elementor-widget-heading\" data-id=\"59a6d03\" data-element_type=\"widget\" data-widget_type=\"heading.default\">\n\t\t\t\t<div class=\"elementor-widget-container\">\n\t\t\t<h1 class=\"elementor-heading-title elementor-size-default\">Principal or commercial : they talk about APAC, and for good things!<\/h1>\t\t<\/div>\n\t\t\t\t<\/div>\n\t\t\t\t<div class=\"elementor-element elementor-element-fb65ce4 elementor-widget elementor-widget-text-editor\" data-id=\"fb65ce4\" data-element_type=\"widget\" data-widget_type=\"text-editor.default\">\n\t\t\t\t<div class=\"elementor-widget-container\">\n\t\t\t\t\t\t\t<p>Since the creation of Professional Alliance of Commercial Agents of France in 1975, <strong>our team has supported several thousand members, principals, suppliers and agents, who work in various sectors of activity<\/strong>, in France and internationally.<\/p><p>Why did they choose us? Not only for our expertise in commercial agent profession, but also for the human values that drive us every day.<\/p><p><strong>Because transparency is at the heart of our business, discover their opinions and testimonies.<\/strong><\/p>\t\t\t\t\t\t<\/div>\n\t\t\t\t<\/div>\n\t\t\t\t<div class=\"elementor-element elementor-element-b421c44 elementor-testimonial--skin-bubble elementor-testimonial--align-left elementor-testimonial--layout-image_inline elementor-pagination-type-bullets elementor-widget elementor-widget-testimonial-carousel\" data-id=\"b421c44\" data-element_type=\"widget\" data-settings=\"{&quot;pagination&quot;:&quot;bullets&quot;,&quot;speed&quot;:500,&quot;autoplay&quot;:&quot;yes&quot;,&quot;autoplay_speed&quot;:5000,&quot;loop&quot;:&quot;yes&quot;,&quot;pause_on_hover&quot;:&quot;yes&quot;,&quot;pause_on_interaction&quot;:&quot;yes&quot;,&quot;space_between&quot;:{&quot;unit&quot;:&quot;px&quot;,&quot;size&quot;:10,&quot;sizes&quot;:[]},&quot;space_between_tablet&quot;:{&quot;unit&quot;:&quot;px&quot;,&quot;size&quot;:10,&quot;sizes&quot;:[]},&quot;space_between_mobile&quot;:{&quot;unit&quot;:&quot;px&quot;,&quot;size&quot;:10,&quot;sizes&quot;:[]}}\" data-widget_type=\"testimonial-carousel.default\">\n\t\t\t\t<div class=\"elementor-widget-container\">\n\t\t\t\t\t<div class=\"elementor-swiper\">\n\t\t\t<div class=\"elementor-main-swiper swiper-container\">\n\t\t\t\t<div class=\"swiper-wrapper\">\n\t\t\t\t\t\t\t\t\t\t\t<div class=\"swiper-slide\">\n\t\t\t\t\t\t\t\t\t<div class=\"elementor-testimonial\">\n\t\t\t\t\t\t\t<div class=\"elementor-testimonial__content\">\n\t\t\t\t\t<div class=\"elementor-testimonial__text\">\n\t\t\t\t\t\t\u201cPar ces quelques lignes, je voudrais faire part de mon t\u00e9moignage \u00e0 tous les adh\u00e9rents de l\u2019APAC et surtout aux futurs adh\u00e9rents : ceux qui h\u00e9sitent encore.\n\nDepuis le 1er avril, j\u2019ai constitu\u00e9 ma micro-entreprise, en effet je suis commerciale pour une agence immobili\u00e8re. Les coordonn\u00e9es de l\u2019APAC m\u2019ont \u00e9t\u00e9 remises via une plaquette d\u2019informations, par le greffe du tribunal de commerce de Lyon. Avant m\u00eame d\u2019\u00eatre adh\u00e9rente, j\u2019ai appel\u00e9 deux fois l\u2019APAC pour des conseils et des renseignements. La personne de l\u2019accueil a \u00e9t\u00e9 tr\u00e8s agr\u00e9able et m\u2019a bien renseign\u00e9e.\n\nD\u00e9butant compl\u00e8tement dans la profession et surtout dans l\u2019organisation de ma micro entreprise, j\u2019ai rencontr\u00e9 une juriste (96 euros le RV). Le lendemain, je choisissais d\u2019adh\u00e9rer \u00e0 l\u2019APAC (300 \u2013 96 payables en 4 fois), car le personnel est de bons conseils,  leurs comp\u00e9tences sont prouv\u00e9es et surtout ils sont facilement joignables. Sans tr\u00e9sorerie d\u2019avance, l\u2019adh\u00e9sion me paraissait ch\u00e8re. Mais quelques jours plus tard, je recevais deux factures (dont j\u2019ai gard\u00e9 les originaux)  : une \u201cAPE\u201d de 193,15 euros et une autre \u201cIdentification l\u00e9gale\u201d pour un affichage obligatoire de 282 euros. Les deux documents \u00e9taient personnalis\u00e9s, code APE, num\u00e9ro SIREN, mon nom, pr\u00e9nom\u2026\n\nEncore une fois, j\u2019ai appel\u00e9 l\u2019APAC, qui m\u2019a demand\u00e9 de lui scanner imm\u00e9diatement les documents et m\u2019a expliqu\u00e9 qu\u2019il s\u2019agissait de factures pour des produits non obligatoires pour un total de 475,15 euros. Si je n\u2019avais pas adh\u00e9r\u00e9 \u00e0 l\u2019APAC, j\u2019aurai r\u00e9gl\u00e9 ces factures comme demand\u00e9es dans le but d\u2019\u00eatre en r\u00e8gle avec la l\u00e9gislation pour ma nouvelle entreprise. En ce qui me concerne, en moins d\u2019une semaine, j\u2019ai \u201crentabilis\u00e9\u201d mon adh\u00e9sion que je ne regrette pas et que je conseille \u00e0 tous.\u201d\t\t\t\t\t<\/div>\n\t\t\t\t\t\t\t\t\t<\/div>\n\t\t\t\t\t\t<div class=\"elementor-testimonial__footer\">\n\t\t\t\t\t\t\t\t<cite class=\"elementor-testimonial__cite\"><span class=\"elementor-testimonial__name\">Christelle POULARD<\/span><span class=\"elementor-testimonial__title\">2-09-2021<\/span><\/cite>\t\t\t<\/div>\n\t\t<\/div>\n\t\t\t\t\t\t\t\t<\/div>\n\t\t\t\t\t\t\t\t\t\t\t<div class=\"swiper-slide\">\n\t\t\t\t\t\t\t\t\t<div class=\"elementor-testimonial\">\n\t\t\t\t\t\t\t<div class=\"elementor-testimonial__content\">\n\t\t\t\t\t<div class=\"elementor-testimonial__text\">\n\t\t\t\t\t\t\u201cJ\u2019encourage vivement les Agents, surtout quand on voit le dynamisme de notre Pr\u00e9sident et son \u00e9quipe, \u00e0 adh\u00e9rer. Avec l\u2019APAC on se sent moins seul et arm\u00e9 pour parler d\u2019un m\u00eame pied d\u2019\u00e9galit\u00e9 avec nos Mandants.\u201d\t\t\t\t\t<\/div>\n\t\t\t\t\t\t\t\t\t<\/div>\n\t\t\t\t\t\t<div class=\"elementor-testimonial__footer\">\n\t\t\t\t\t\t\t\t<cite class=\"elementor-testimonial__cite\"><span class=\"elementor-testimonial__name\">T\u00e9moignage d\u2019un adh\u00e9rent fid\u00e8le de l\u2019APAC<\/span><span class=\"elementor-testimonial__title\">2-09-2021<\/span><\/cite>\t\t\t<\/div>\n\t\t<\/div>\n\t\t\t\t\t\t\t\t<\/div>\n\t\t\t\t\t\t\t\t\t<\/div>\n\t\t\t\t\t\t\t\t\t\t\t\t\t\t\t<div class=\"swiper-pagination\"><\/div>\n\t\t\t\t\t\t\t\t\t\t\t\t\t\t\t\t\t<\/div>\n\t\t<\/div>\n\t\t\t\t<\/div>\n\t\t\t\t<\/div>\n\t\t\t\t<div class=\"elementor-element elementor-element-d1bd668 elementor-widget elementor-widget-heading\" data-id=\"d1bd668\" data-element_type=\"widget\" data-widget_type=\"heading.default\">\n\t\t\t\t<div class=\"elementor-widget-container\">\n\t\t\t<h2 class=\"elementor-heading-title elementor-size-default\">Are you a principal or commercial agent? Why trust us?<\/h2>\t\t<\/div>\n\t\t\t\t<\/div>\n\t\t\t\t<div class=\"elementor-element elementor-element-c4d314f elementor-widget elementor-widget-text-editor\" data-id=\"c4d314f\" data-element_type=\"widget\" data-widget_type=\"text-editor.default\">\n\t\t\t\t<div class=\"elementor-widget-container\">\n\t\t\t\t\t\t\t<p><strong>Confidence, listening skills and human contact are the pillars of APAC<\/strong>. It is on these foundations that we have built an important network of partners in France and internationally, and that we support our members day after day. Thanks to our experience and our role within the international organization of Commercial Agents IUCAB, we have become the professional reference for commercial agents.<\/p><p>Since the start of APAC, our team has been available and mobilized on a daily basis. It does everything <strong>to encourage and support development of the activity of all our members<\/strong>. Their success is our greatest victory. Being independent doesn&#8217;t mean being alone.<\/p><p>Why do mandating companies turn to us? Because they know they can count on our service to improve their sales force by finding a qualified independent commercial agent.<\/p><p><strong>If we can assure you of quality of our service, the testimonies speak for themselves.<\/strong> Commercial agency, self-employed person, freelance commercial agent, companies, suppliers, manufacturers, clients, all trust us and we thank them for their loyalty.<\/p><p>Do you want to take advantage of our services to develop your business or take advantage of a quality outsourced sales force? <a href=\"https:\/\/www.apacfrance.com\/en\/product\/\"><strong>Subscribe to our services now.<\/strong><\/a><\/p>\t\t\t\t\t\t<\/div>\n\t\t\t\t<\/div>\n\t\t\t\t\t<\/div>\n\t\t<\/div>\n\t\t\t\t\t\t\t<\/div>\n\t\t<\/section>\n\t\t\t\t\t\t\t<\/div>\n\t\t","protected":false},"excerpt":{"rendered":"<p>Quality, expertise, listening skills: find out what our members think! Principal or commercial : they talk about APAC, and for good things! Since the creation of Professional Alliance of Commercial Agents of France in 1975, our team has supported several thousand members, principals, suppliers and agents, who work in various sectors of activity, in France [&hellip;]<\/p>\n","protected":false},"author":1,"featured_media":26118,"parent":2687,"menu_order":0,"comment_status":"closed","ping_status":"closed","template":"elementor_header_footer","meta":{"inline_featured_image":false,"footnotes":""},"class_list":["post-2629","page","type-page","status-publish","has-post-thumbnail","hentry"],"yoast_head":"<!-- This site is optimized with the Yoast SEO plugin v25.8 - https:\/\/yoast.com\/wordpress\/plugins\/seo\/ -->\n<title>Testimonials<\/title>\n<meta name=\"description\" content=\"PRINCIPAL OR COMMERCIAL : THEY TALK ABOUT APAC, AND FOR GOOD THINGS ! discover their opinions and testimonies.\" \/>\n<meta name=\"robots\" content=\"index, follow, max-snippet:-1, max-image-preview:large, max-video-preview:-1\" \/>\n<link rel=\"canonical\" href=\"https:\/\/www.apacfrance.com\/en\/theapac\/testimonials\/\" \/>\n<meta property=\"og:locale\" content=\"en_US\" \/>\n<meta property=\"og:type\" content=\"article\" \/>\n<meta property=\"og:title\" content=\"Testimonials\" \/>\n<meta property=\"og:description\" content=\"PRINCIPAL OR COMMERCIAL : THEY TALK ABOUT APAC, AND FOR GOOD THINGS ! discover their opinions and testimonies.\" \/>\n<meta property=\"og:url\" content=\"https:\/\/www.apacfrance.com\/en\/theapac\/testimonials\/\" \/>\n<meta property=\"og:site_name\" content=\"APAC\" \/>\n<meta property=\"article:publisher\" content=\"https:\/\/www.facebook.com\/agentcommercial.apac\/\" \/>\n<meta property=\"article:modified_time\" content=\"2023-05-23T15:38:37+00:00\" \/>\n<meta property=\"og:image\" content=\"https:\/\/www.apacfrance.com\/wp-content\/uploads\/2022\/12\/illustration-temoignages-bulles-scaled.jpg\" \/>\n\t<meta property=\"og:image:width\" content=\"2560\" \/>\n\t<meta property=\"og:image:height\" content=\"2424\" \/>\n\t<meta property=\"og:image:type\" content=\"image\/jpeg\" \/>\n<meta name=\"twitter:card\" content=\"summary_large_image\" \/>\n<meta name=\"twitter:site\" content=\"@apacfrance\" \/>\n<meta name=\"twitter:label1\" content=\"Est. reading time\" \/>\n\t<meta name=\"twitter:data1\" content=\"5 minutes\" \/>\n<script type=\"application\/ld+json\" class=\"yoast-schema-graph\">{\"@context\":\"https:\/\/schema.org\",\"@graph\":[{\"@type\":\"WebPage\",\"@id\":\"https:\/\/www.apacfrance.com\/en\/theapac\/testimonials\/\",\"url\":\"https:\/\/www.apacfrance.com\/en\/theapac\/testimonials\/\",\"name\":\"Testimonials\",\"isPartOf\":{\"@id\":\"https:\/\/www.apacfrance.com\/#website\"},\"primaryImageOfPage\":{\"@id\":\"https:\/\/www.apacfrance.com\/en\/theapac\/testimonials\/#primaryimage\"},\"image\":{\"@id\":\"https:\/\/www.apacfrance.com\/en\/theapac\/testimonials\/#primaryimage\"},\"thumbnailUrl\":\"https:\/\/www.apacfrance.com\/wp-content\/uploads\/2022\/12\/illustration-temoignages-bulles-scaled.jpg\",\"datePublished\":\"2021-04-26T10:23:03+00:00\",\"dateModified\":\"2023-05-23T15:38:37+00:00\",\"description\":\"PRINCIPAL OR COMMERCIAL : THEY TALK ABOUT APAC, AND FOR GOOD THINGS ! discover their opinions and testimonies.\",\"breadcrumb\":{\"@id\":\"https:\/\/www.apacfrance.com\/en\/theapac\/testimonials\/#breadcrumb\"},\"inLanguage\":\"en-US\",\"potentialAction\":[{\"@type\":\"ReadAction\",\"target\":[\"https:\/\/www.apacfrance.com\/en\/theapac\/testimonials\/\"]}]},{\"@type\":\"ImageObject\",\"inLanguage\":\"en-US\",\"@id\":\"https:\/\/www.apacfrance.com\/en\/theapac\/testimonials\/#primaryimage\",\"url\":\"https:\/\/www.apacfrance.com\/wp-content\/uploads\/2022\/12\/illustration-temoignages-bulles-scaled.jpg\",\"contentUrl\":\"https:\/\/www.apacfrance.com\/wp-content\/uploads\/2022\/12\/illustration-temoignages-bulles-scaled.jpg\",\"width\":2560,\"height\":2424,\"caption\":\"T\u00e9moignages sur les services de l'APAC\"},{\"@type\":\"BreadcrumbList\",\"@id\":\"https:\/\/www.apacfrance.com\/en\/theapac\/testimonials\/#breadcrumb\",\"itemListElement\":[{\"@type\":\"ListItem\",\"position\":1,\"name\":\"Accueil\",\"item\":\"https:\/\/www.apacfrance.com\/en\/\"},{\"@type\":\"ListItem\",\"position\":2,\"name\":\"The apac\",\"item\":\"https:\/\/www.apacfrance.com\/en\/theapac\/\"},{\"@type\":\"ListItem\",\"position\":3,\"name\":\"Testimonials\"}]},{\"@type\":\"WebSite\",\"@id\":\"https:\/\/www.apacfrance.com\/#website\",\"url\":\"https:\/\/www.apacfrance.com\/\",\"name\":\"APAC\",\"description\":\"L&#039;Alliance des Agents Commerciaux de France\",\"publisher\":{\"@id\":\"https:\/\/www.apacfrance.com\/#organization\"},\"potentialAction\":[{\"@type\":\"SearchAction\",\"target\":{\"@type\":\"EntryPoint\",\"urlTemplate\":\"https:\/\/www.apacfrance.com\/?s={search_term_string}\"},\"query-input\":{\"@type\":\"PropertyValueSpecification\",\"valueRequired\":true,\"valueName\":\"search_term_string\"}}],\"inLanguage\":\"en-US\"},{\"@type\":\"Organization\",\"@id\":\"https:\/\/www.apacfrance.com\/#organization\",\"name\":\"APAC - Alliance des Agents Commerciaux de France\",\"url\":\"https:\/\/www.apacfrance.com\/\",\"logo\":{\"@type\":\"ImageObject\",\"inLanguage\":\"en-US\",\"@id\":\"https:\/\/www.apacfrance.com\/#\/schema\/logo\/image\/\",\"url\":\"https:\/\/www.apacfrance.com\/wp-content\/uploads\/2021\/04\/Apac-logo-footer.png\",\"contentUrl\":\"https:\/\/www.apacfrance.com\/wp-content\/uploads\/2021\/04\/Apac-logo-footer.png\",\"width\":414,\"height\":140,\"caption\":\"APAC - Alliance des Agents Commerciaux de France\"},\"image\":{\"@id\":\"https:\/\/www.apacfrance.com\/#\/schema\/logo\/image\/\"},\"sameAs\":[\"https:\/\/www.facebook.com\/agentcommercial.apac\/\",\"https:\/\/x.com\/apacfrance\",\"https:\/\/www.instagram.com\/apacfrance\/\",\"https:\/\/www.linkedin.com\/in\/agentcommercial\/\",\"https:\/\/www.youtube.com\/channel\/UCcplVLyna8zy4MarsMLg5tg\"]}]}<\/script>\n<!-- \/ Yoast SEO plugin. -->","yoast_head_json":{"title":"Testimonials","description":"PRINCIPAL OR COMMERCIAL : THEY TALK ABOUT APAC, AND FOR GOOD THINGS ! discover their opinions and testimonies.","robots":{"index":"index","follow":"follow","max-snippet":"max-snippet:-1","max-image-preview":"max-image-preview:large","max-video-preview":"max-video-preview:-1"},"canonical":"https:\/\/www.apacfrance.com\/en\/theapac\/testimonials\/","og_locale":"en_US","og_type":"article","og_title":"Testimonials","og_description":"PRINCIPAL OR COMMERCIAL : THEY TALK ABOUT APAC, AND FOR GOOD THINGS ! discover their opinions and testimonies.","og_url":"https:\/\/www.apacfrance.com\/en\/theapac\/testimonials\/","og_site_name":"APAC","article_publisher":"https:\/\/www.facebook.com\/agentcommercial.apac\/","article_modified_time":"2023-05-23T15:38:37+00:00","og_image":[{"width":2560,"height":2424,"url":"https:\/\/www.apacfrance.com\/wp-content\/uploads\/2022\/12\/illustration-temoignages-bulles-scaled.jpg","type":"image\/jpeg"}],"twitter_card":"summary_large_image","twitter_site":"@apacfrance","twitter_misc":{"Est. reading time":"5 minutes"},"schema":{"@context":"https:\/\/schema.org","@graph":[{"@type":"WebPage","@id":"https:\/\/www.apacfrance.com\/en\/theapac\/testimonials\/","url":"https:\/\/www.apacfrance.com\/en\/theapac\/testimonials\/","name":"Testimonials","isPartOf":{"@id":"https:\/\/www.apacfrance.com\/#website"},"primaryImageOfPage":{"@id":"https:\/\/www.apacfrance.com\/en\/theapac\/testimonials\/#primaryimage"},"image":{"@id":"https:\/\/www.apacfrance.com\/en\/theapac\/testimonials\/#primaryimage"},"thumbnailUrl":"https:\/\/www.apacfrance.com\/wp-content\/uploads\/2022\/12\/illustration-temoignages-bulles-scaled.jpg","datePublished":"2021-04-26T10:23:03+00:00","dateModified":"2023-05-23T15:38:37+00:00","description":"PRINCIPAL OR COMMERCIAL : THEY TALK ABOUT APAC, AND FOR GOOD THINGS ! discover their opinions and testimonies.","breadcrumb":{"@id":"https:\/\/www.apacfrance.com\/en\/theapac\/testimonials\/#breadcrumb"},"inLanguage":"en-US","potentialAction":[{"@type":"ReadAction","target":["https:\/\/www.apacfrance.com\/en\/theapac\/testimonials\/"]}]},{"@type":"ImageObject","inLanguage":"en-US","@id":"https:\/\/www.apacfrance.com\/en\/theapac\/testimonials\/#primaryimage","url":"https:\/\/www.apacfrance.com\/wp-content\/uploads\/2022\/12\/illustration-temoignages-bulles-scaled.jpg","contentUrl":"https:\/\/www.apacfrance.com\/wp-content\/uploads\/2022\/12\/illustration-temoignages-bulles-scaled.jpg","width":2560,"height":2424,"caption":"T\u00e9moignages sur les services de l'APAC"},{"@type":"BreadcrumbList","@id":"https:\/\/www.apacfrance.com\/en\/theapac\/testimonials\/#breadcrumb","itemListElement":[{"@type":"ListItem","position":1,"name":"Accueil","item":"https:\/\/www.apacfrance.com\/en\/"},{"@type":"ListItem","position":2,"name":"The apac","item":"https:\/\/www.apacfrance.com\/en\/theapac\/"},{"@type":"ListItem","position":3,"name":"Testimonials"}]},{"@type":"WebSite","@id":"https:\/\/www.apacfrance.com\/#website","url":"https:\/\/www.apacfrance.com\/","name":"APAC","description":"L&#039;Alliance des Agents Commerciaux de France","publisher":{"@id":"https:\/\/www.apacfrance.com\/#organization"},"potentialAction":[{"@type":"SearchAction","target":{"@type":"EntryPoint","urlTemplate":"https:\/\/www.apacfrance.com\/?s={search_term_string}"},"query-input":{"@type":"PropertyValueSpecification","valueRequired":true,"valueName":"search_term_string"}}],"inLanguage":"en-US"},{"@type":"Organization","@id":"https:\/\/www.apacfrance.com\/#organization","name":"APAC - Alliance des Agents Commerciaux de France","url":"https:\/\/www.apacfrance.com\/","logo":{"@type":"ImageObject","inLanguage":"en-US","@id":"https:\/\/www.apacfrance.com\/#\/schema\/logo\/image\/","url":"https:\/\/www.apacfrance.com\/wp-content\/uploads\/2021\/04\/Apac-logo-footer.png","contentUrl":"https:\/\/www.apacfrance.com\/wp-content\/uploads\/2021\/04\/Apac-logo-footer.png","width":414,"height":140,"caption":"APAC - Alliance des Agents Commerciaux de France"},"image":{"@id":"https:\/\/www.apacfrance.com\/#\/schema\/logo\/image\/"},"sameAs":["https:\/\/www.facebook.com\/agentcommercial.apac\/","https:\/\/x.com\/apacfrance","https:\/\/www.instagram.com\/apacfrance\/","https:\/\/www.linkedin.com\/in\/agentcommercial\/","https:\/\/www.youtube.com\/channel\/UCcplVLyna8zy4MarsMLg5tg"]}]}},"_links":{"self":[{"href":"https:\/\/www.apacfrance.com\/en\/wp-json\/wp\/v2\/pages\/2629","targetHints":{"allow":["GET"]}}],"collection":[{"href":"https:\/\/www.apacfrance.com\/en\/wp-json\/wp\/v2\/pages"}],"about":[{"href":"https:\/\/www.apacfrance.com\/en\/wp-json\/wp\/v2\/types\/page"}],"author":[{"embeddable":true,"href":"https:\/\/www.apacfrance.com\/en\/wp-json\/wp\/v2\/users\/1"}],"replies":[{"embeddable":true,"href":"https:\/\/www.apacfrance.com\/en\/wp-json\/wp\/v2\/comments?post=2629"}],"version-history":[{"count":0,"href":"https:\/\/www.apacfrance.com\/en\/wp-json\/wp\/v2\/pages\/2629\/revisions"}],"up":[{"embeddable":true,"href":"https:\/\/www.apacfrance.com\/en\/wp-json\/wp\/v2\/pages\/2687"}],"wp:featuredmedia":[{"embeddable":true,"href":"https:\/\/www.apacfrance.com\/en\/wp-json\/wp\/v2\/media\/26118"}],"wp:attachment":[{"href":"https:\/\/www.apacfrance.com\/en\/wp-json\/wp\/v2\/media?parent=2629"}],"curies":[{"name":"wp","href":"https:\/\/api.w.org\/{rel}","templated":true}]}}